{"id":7840,"date":"2022-04-04T13:14:02","date_gmt":"2022-04-04T11:14:02","guid":{"rendered":"https:\/\/www.kwu-entsorgung.de\/?page_id=7840"},"modified":"2025-04-14T15:27:04","modified_gmt":"2025-04-14T13:27:04","slug":"bioabfall-2","status":"publish","type":"page","link":"https:\/\/www.kwu-entsorgung.de\/?page_id=7840","title":{"rendered":"Bioabfall"},"content":{"rendered":"\t\t<div data-elementor-type=\"wp-post\" data-elementor-id=\"7840\" class=\"elementor elementor-7840\">\n\t\t\t\t\t\t<section class=\"elementor-section elementor-top-section elementor-element elementor-element-2a5a642 elementor-section-boxed elementor-section-height-default elementor-section-height-default\" data-id=\"2a5a642\" data-element_type=\"section\">\n\t\t\t\t\t\t<div class=\"elementor-container elementor-column-gap-default\">\n\t\t\t\t\t<div class=\"elementor-column elementor-col-100 elementor-top-column elementor-element elementor-element-da876a6\" data-id=\"da876a6\" data-element_type=\"column\">\n\t\t\t<div class=\"elementor-widget-wrap elementor-element-populated\">\n\t\t\t\t\t\t<div class=\"elementor-element elementor-element-e34957e elementor-widget elementor-widget-accordion\" data-id=\"e34957e\" data-element_type=\"widget\" data-widget_type=\"accordion.default\">\n\t\t\t\t<div class=\"elementor-widget-container\">\n\t\t\t\t\t<div class=\"elementor-accordion\">\n\t\t\t\t\t\t\t<div class=\"elementor-accordion-item\">\n\t\t\t\t\t<div id=\"elementor-tab-title-2381\" class=\"elementor-tab-title\" data-tab=\"1\" role=\"button\" aria-controls=\"elementor-tab-content-2381\" aria-expanded=\"false\">\n\t\t\t\t\t\t\t\t\t\t\t\t\t<span class=\"elementor-accordion-icon elementor-accordion-icon-left\" aria-hidden=\"true\">\n\t\t\t\t\t\t\t\t\t\t\t\t\t\t\t<span class=\"elementor-accordion-icon-closed\"><i class=\"fas fa-caret-right\"><\/i><\/span>\n\t\t\t\t\t\t\t\t<span class=\"elementor-accordion-icon-opened\"><i class=\"fas fa-caret-up\"><\/i><\/span>\n\t\t\t\t\t\t\t\t\t\t\t\t\t\t<\/span>\n\t\t\t\t\t\t\t\t\t\t\t\t<a class=\"elementor-accordion-title\" tabindex=\"0\">Zu gut f\u00fcr die Tonne!<\/a>\n\t\t\t\t\t<\/div>\n\t\t\t\t\t<div id=\"elementor-tab-content-2381\" class=\"elementor-tab-content elementor-clearfix\" data-tab=\"1\" role=\"region\" aria-labelledby=\"elementor-tab-title-2381\"><p><strong><em>Zu gut f\u00fcr die Tonne!<\/em><\/strong><\/p><p>In Deutschland fallen j\u00e4hrlich entlang der gesamten Lebensmittelversorgungskette rund 12 Millionen Tonnen Lebensmittelabf\u00e4lle an. Davon stammt \u00fcber die H\u00e4lfte aus den privaten Haushalten (durchschnittlich 75 kg pro Kopf im Jahr). Besonders h\u00e4ufig landen die Lebensmittel in der Tonne, die f\u00fcr eine gute Ern\u00e4hrung besonders wichtig sind: Obst und Gem\u00fcse.<\/p><p>Mit jedem Lebensmittel, das in der Tonne landet, werden auch die f\u00fcr die Herstellung und Produktion ben\u00f6tigten Ressourcen verschwendet: Wertvoller Ackerboden, Wasser und D\u00fcnger sowie Energie werden f\u00fcr die Ernte, die Verarbeitung und den Transport ben\u00f6tigt. Au\u00dferdem werden Treibhausgase wie Methan oder CO2 freigesetzt. Alles umsonst, wenn die Lebensmittel letztlich in der Tonne landen.<\/p><p><strong>Lebensmittelabf\u00e4lle vermeiden<\/strong><\/p><p>Es ist ganz einfach, die Lebensmittelverschwendung im eigenen Haushalt zu reduzieren: Wichtig ist eine gute Planung des eigenen Bedarfs, die richtige Lagerung der Lebensmittel und die Verwertung von Resten. Konkret: Einkaufszettel schreiben, empfindliche Lebensmittel k\u00fchlen und gekochte Reste luftdicht verpackt f\u00fcr den n\u00e4chsten Tag im K\u00fchlschrank aufbewahren.<\/p><p><strong>Praktische Tipps des Bundesministeriums f\u00fcr Ern\u00e4hrung und Landwirtschaft auf <\/strong><a href=\"http:\/\/www.zugutfuerdietonne.de\"><strong>www.zugutfuerdietonne.de<\/strong><\/a><\/p><p>Auf <a href=\"https:\/\/www.zugutfuerdietonne.de\/\">www.zugutfuerdietonne.de<\/a> finden Interessierte Fakten, Hintergrundinfos, Tipps sowie Reste-Rezepte zur Reduzierung der Lebensmittelabf\u00e4lle im eigenen Haushalt.<\/p><p><strong>Nationale Strategie zur Reduzierung der Lebensmittelverschwendung<\/strong><\/p><p>2019 hat sich Deutschland mit der <em>Nationalen Strategie zur Reduzierung der Lebensmittelver\u00adschwendung <\/em>erneut dem Ziel der Vereinten Nationen verpflichtet, bis 2030 die Lebensmittel\u00adverschwendung pro Kopf auf Einzelhandels- und Verbraucherebene zu halbieren und die entlang der Produktions- und Lieferkette entstehenden Lebensmittelabf\u00e4lle einschlie\u00dflich Nachernteverlusten zu verringern.<\/p><\/div>\n\t\t\t\t<\/div>\n\t\t\t\t\t\t\t\t<\/div>\n\t\t\t\t<\/div>\n\t\t\t\t<\/div>\n\t\t\t\t\t<\/div>\n\t\t<\/div>\n\t\t\t\t\t<\/div>\n\t\t<\/section>\n\t\t\t\t<section class=\"elementor-section elementor-top-section elementor-element elementor-element-41adf329 elementor-section-boxed elementor-section-height-default elementor-section-height-default\" data-id=\"41adf329\" data-element_type=\"section\">\n\t\t\t\t\t\t<div class=\"elementor-container elementor-column-gap-default\">\n\t\t\t\t\t<div class=\"elementor-column elementor-col-100 elementor-top-column elementor-element elementor-element-4bebb3e7\" data-id=\"4bebb3e7\" data-element_type=\"column\">\n\t\t\t<div class=\"elementor-widget-wrap elementor-element-populated\">\n\t\t\t\t\t\t<div class=\"elementor-element elementor-element-81d38a8 elementor-widget elementor-widget-image\" data-id=\"81d38a8\" data-element_type=\"widget\" data-widget_type=\"image.default\">\n\t\t\t\t<div class=\"elementor-widget-container\">\n\t\t\t\t\t\t\t\t\t\t\t\t\t<img fetchpriority=\"high\" decoding=\"async\" width=\"640\" height=\"367\" src=\"https:\/\/www.kwu-entsorgung.de\/wp-content\/uploads\/2020\/10\/Biom\u00fcll.jpg\" class=\"attachment-large size-large wp-image-4881\" alt=\"\" srcset=\"https:\/\/www.kwu-entsorgung.de\/wp-content\/uploads\/2020\/10\/Biom\u00fcll.jpg 767w, https:\/\/www.kwu-entsorgung.de\/wp-content\/uploads\/2020\/10\/Biom\u00fcll-300x172.jpg 300w\" sizes=\"(max-width: 640px) 100vw, 640px\" \/>\t\t\t\t\t\t\t\t\t\t\t\t\t<\/div>\n\t\t\t\t<\/div>\n\t\t\t\t\t<\/div>\n\t\t<\/div>\n\t\t\t\t\t<\/div>\n\t\t<\/section>\n\t\t\t\t<section class=\"elementor-section elementor-top-section elementor-element elementor-element-8cb3add elementor-section-boxed elementor-section-height-default elementor-section-height-default\" data-id=\"8cb3add\" data-element_type=\"section\">\n\t\t\t\t\t\t<div class=\"elementor-container elementor-column-gap-default\">\n\t\t\t\t\t<div class=\"elementor-column elementor-col-100 elementor-top-column elementor-element elementor-element-1fbf45f\" data-id=\"1fbf45f\" data-element_type=\"column\">\n\t\t\t<div class=\"elementor-widget-wrap elementor-element-populated\">\n\t\t\t\t\t\t<div class=\"elementor-element elementor-element-a5354a5 elementor-widget elementor-widget-toggle\" data-id=\"a5354a5\" data-element_type=\"widget\" data-widget_type=\"toggle.default\">\n\t\t\t\t<div class=\"elementor-widget-container\">\n\t\t\t\t\t<div class=\"elementor-toggle\">\n\t\t\t\t\t\t\t<div class=\"elementor-toggle-item\">\n\t\t\t\t\t<div id=\"elementor-tab-title-1731\" class=\"elementor-tab-title\" data-tab=\"1\" role=\"button\" aria-controls=\"elementor-tab-content-1731\" aria-expanded=\"false\">\n\t\t\t\t\t\t\t\t\t\t\t\t<span class=\"elementor-toggle-icon elementor-toggle-icon-left\" aria-hidden=\"true\">\n\t\t\t\t\t\t\t\t\t\t\t\t\t\t\t<span class=\"elementor-toggle-icon-closed\"><i class=\"fas fa-caret-right\"><\/i><\/span>\n\t\t\t\t\t\t\t\t<span class=\"elementor-toggle-icon-opened\"><i class=\"elementor-toggle-icon-opened fas fa-caret-up\"><\/i><\/span>\n\t\t\t\t\t\t\t\t\t\t\t\t\t<\/span>\n\t\t\t\t\t\t\t\t\t\t\t\t<a class=\"elementor-toggle-title\" tabindex=\"0\">Hinweise zur Biotonne f\u00fcr Haushalte<\/a>\n\t\t\t\t\t<\/div>\n\n\t\t\t\t\t<div id=\"elementor-tab-content-1731\" class=\"elementor-tab-content elementor-clearfix\" data-tab=\"1\" role=\"region\" aria-labelledby=\"elementor-tab-title-1731\"><p>F\u00fcr die Biosammlung stehen Tonnen mit einem Fassungsverm\u00f6gen von 120 l bereit, erkennbar am gr\u00fcnen Deckel mit Infoaufkleber. Alle Biotonnen sind, wie die Restabfallbeh\u00e4lter, mit einem Mikrochip ausgestattet. So kann jede Tonne eindeutig zugeordnet werden.<\/p><p>Die Leerungen erfolgen 14-t\u00e4glich. Die Termine sind im <a class=\"internal-link\" title=\"\u00d6ffnet internen Link im aktuellen Fenster\" href=\"https:\/\/www.kwu-entsorgung.de\/?page_id=337\">Online-Entsorgungskalender<\/a> abgebildet bzw. werden in den grundst\u00fccksbezogenen Entsorgungskalendern bekannt gegeben.<\/p><p>\u00dcber die aktuell g\u00fcltige Geb\u00fchr pro Leerung k\u00f6nnen Sie sich <a href=\"https:\/\/www.kwu-entsorgung.de\/?page_id=1061\">&gt;&gt;&gt; hier<\/a> informieren.<\/p><h6><b>Warum \u00fcberhaupt die Biotonne?<\/b><\/h6><p>Noch zu viele organische Abf\u00e4lle, also wertvolle Rohstoffe, landen im Restabfall und bleiben bisher v\u00f6llig ungenutzt. Laut Kreislaufwirtschaftsgesetz hat in Deutschland die Verwertung von Abf\u00e4llen Vorrang gegen\u00fcber ihrer Beseitigung. Daher sind wir per Gesetz verpflichtet, die Getrenntsammlung von organischen K\u00fcchen- und Gartenabf\u00e4llen umzusetzen.<\/p><h6><b>Welche Vorteile bringt die Biotonne?<\/b><\/h6><p>Wir bieten Ihnen f\u00fcr die Entsorgung der Bioabf\u00e4lle die haushaltsnahe Abholung vom Grundst\u00fcck an &#8211; ein einfacher und bequemer Service. In K\u00fcchen- und Gartenabf\u00e4llen stecken viel Energie und wertvolle Rohstoffe. Durch die Getrenntsammlung von Bioabf\u00e4llen in der Biotonne wird die Produktion von wertvollem Kompost m\u00f6glich. Sie leisten damit einen wichtigen Beitrag zum Klima- und Umweltschutz. Der mithilfe Ihrer Bioabf\u00e4lle erzeugte Kompost ist ein hervorragender Bodenverbesserer. Er liefert Humus und N\u00e4hrstoffe, das hilft Minerald\u00fcnger einzusparen. Auch auf einen Teil des in Blumenerden eingesetzten Torfes kann verzichtet werden. Damit tragen Sie zum Schutz wertvoller Moorbiotope bei.<\/p><\/div>\n\t\t\t\t<\/div>\n\t\t\t\t\t\t\t<div class=\"elementor-toggle-item\">\n\t\t\t\t\t<div id=\"elementor-tab-title-1732\" class=\"elementor-tab-title\" data-tab=\"2\" role=\"button\" aria-controls=\"elementor-tab-content-1732\" aria-expanded=\"false\">\n\t\t\t\t\t\t\t\t\t\t\t\t<span class=\"elementor-toggle-icon elementor-toggle-icon-left\" aria-hidden=\"true\">\n\t\t\t\t\t\t\t\t\t\t\t\t\t\t\t<span class=\"elementor-toggle-icon-closed\"><i class=\"fas fa-caret-right\"><\/i><\/span>\n\t\t\t\t\t\t\t\t<span class=\"elementor-toggle-icon-opened\"><i class=\"elementor-toggle-icon-opened fas fa-caret-up\"><\/i><\/span>\n\t\t\t\t\t\t\t\t\t\t\t\t\t<\/span>\n\t\t\t\t\t\t\t\t\t\t\t\t<a class=\"elementor-toggle-title\" tabindex=\"0\">NEU! Biotonne mit Filterdeckel (gegen Geruchsbel\u00e4stigung und Ungezieferbefall)<\/a>\n\t\t\t\t\t<\/div>\n\n\t\t\t\t\t<div id=\"elementor-tab-content-1732\" class=\"elementor-tab-content elementor-clearfix\" data-tab=\"2\" role=\"region\" aria-labelledby=\"elementor-tab-title-1732\"><p>Auf Antrag kann die regul\u00e4re Biotonne gegen eine <strong>Biotonne mit Filterdeckel<\/strong> ausgetauscht werden. Hier ist das entsprechende Antragsformular <a href=\"https:\/\/www.kwu-entsorgung.de\/wp-content\/uploads\/2025\/02\/AE_Meldung_Beh.pdf\">&#8222;\u00c4nderungsmeldung Beh\u00e4lter&#8220;<\/a>.<\/p><p>F\u00fcr die Biotonne mit Filterdeckel wird eine monatliche Filterdeckelgeb\u00fchr erhoben. Sie deckt die Aufstellung einer Biotonne mit Filterdeckel (Erstaufstellung oder Austausch eines bereits vorhandenen Beh\u00e4lters gegen einen Beh\u00e4lter mit Filterdeckel), die Zusendung von Filterersatzmaterial in jedem zweiten Kalenderjahr und auf Wunsch den Austausch einer Biotonne ohne Filterdeckel ab.<\/p><p>H\u00f6he der Filterdeckelgeb\u00fchr, siehe <a href=\"https:\/\/www.kwu-entsorgung.de\/?page_id=1061\">Abfallgeb\u00fchren<\/a>.<\/p><p>F\u00fcr die Filterdeckel der Biotonne d\u00fcrfen lediglich zugelassene Filter genutzt werden. Die Funktionsf\u00e4higkeit des Deckels ist durch regelm\u00e4\u00dfigen Tausch des Filters zu erhalten.<\/p><\/div>\n\t\t\t\t<\/div>\n\t\t\t\t\t\t\t<div class=\"elementor-toggle-item\">\n\t\t\t\t\t<div id=\"elementor-tab-title-1733\" class=\"elementor-tab-title\" data-tab=\"3\" role=\"button\" aria-controls=\"elementor-tab-content-1733\" aria-expanded=\"false\">\n\t\t\t\t\t\t\t\t\t\t\t\t<span class=\"elementor-toggle-icon elementor-toggle-icon-left\" aria-hidden=\"true\">\n\t\t\t\t\t\t\t\t\t\t\t\t\t\t\t<span class=\"elementor-toggle-icon-closed\"><i class=\"fas fa-caret-right\"><\/i><\/span>\n\t\t\t\t\t\t\t\t<span class=\"elementor-toggle-icon-opened\"><i class=\"elementor-toggle-icon-opened fas fa-caret-up\"><\/i><\/span>\n\t\t\t\t\t\t\t\t\t\t\t\t\t<\/span>\n\t\t\t\t\t\t\t\t\t\t\t\t<a class=\"elementor-toggle-title\" tabindex=\"0\">Abruf einer Biotonnenleerung<\/a>\n\t\t\t\t\t<\/div>\n\n\t\t\t\t\t<div id=\"elementor-tab-content-1733\" class=\"elementor-tab-content elementor-clearfix\" data-tab=\"3\" role=\"region\" aria-labelledby=\"elementor-tab-title-1733\"><p>Wenn Sie in einem der nachfolgenden Orte wohnen und eine Biotonne besitzen, erfolgt die Leerung der Biotonnen im <span style=\"color: #008000;\"><strong>Abrufsystem nach vorheriger Bedarfsmeldung<\/strong><\/span>.<\/p><ul><li>Bad Saarow OT Petersdorf\u00a0<\/li><li>Beeskow OT Bornow, Kohlsdorf, Kr\u00fcgersdorf, Oegeln Schneeberg<\/li><li>Berkenbr\u00fcck<\/li><li>Briesen OT Alt Madlitz, Biegen, Falkenberg, Wilmersdorf<\/li><li>Diensdorf-Radlow<\/li><li>Eisenh\u00fcttenstadt OT Diehlo \u2013 Alleeweg, Am Birkenwald, Birkenring, Dorfstra\u00dfe, Feldweg, F\u00fcnfeichener Weg\u00a0<\/li><li>Friedland mit OT <\/li><li>F\u00fcrstenwalde OT Molkenberg, Trebus<\/li><li>Gosen-Neu Zittau OT Gosen, OT Neu-Zittau, GT Burig, GT St\u00e4bchen, GT Steinfurt (hier jedoch <b>nur<\/b> f\u00fcr den Zeitraum 01. Dezember bis 31. M\u00e4rz)<\/li><li>Gro\u00df Lindow\u00a0<\/li><li>Grunow-Dammendorf beide OT\u00a0<\/li><li>Gr\u00fcnheide (Mark) &#8211; die OT Kagel, Kienbaum, GT Finkenstein, GT M\u00f6llensee (hier jedoch <b>nur<\/b> f\u00fcr den Zeitraum 01. Dezember bis 31. M\u00e4rz)<\/li><li>Gr\u00fcnheide (Mark) OT M\u00f6nchwinkel, GT Neu M\u00f6nchwinkel, OT Spreeau, GT Spreetal, GT Spreewerder<\/li><li>Jacobsdorf und OT Petersdorf, Pillgram, Sieversdorf<\/li><li>Langewahl\u00a0<\/li><li>Lawitz\u00a0<\/li><li>Mixdorf\u00a0<\/li><li>M\u00fcllrose davon nur die OT Biegenbr\u00fcck, Dubrow, Kaiserm\u00fchl\u00a0<\/li><li>Nei\u00dfem\u00fcnde alle OT<\/li><li>Neuzelle alle OT<\/li><li>Ragow-Merz beide OT\u00a0<\/li><li>Rietz-Neuendorf alle OT\u00a0<\/li><li>Schlaubetal alle OT\u00a0<\/li><li>Siehdichum alle OT<\/li><li>Spreenhagen OT Braunsdorf, OT Hartmannsdorf, OT Markgrafpieske, GT Neuhartmannsdorf<\/li><li>Steinh\u00f6fel und OT Arensdorf, Heinersdorf, Beerfelde, Buchholz, Demnitz, Hasenfelde, J\u00e4nickendorf, Neuendorf im Sande, G\u00f6lsdorf, Sch\u00f6nfelde, Tempelberg<\/li><li>Storkow (Mark) OT Alt Stahnsdorf, Bugk, G\u00f6rsdorf, Gro\u00df Eichholz, Gro\u00df Schauen, Kehrigk, Kummersdorf, Limsdorf, Philadelphia, Rieplos, Schwerin, Selchow, Wochowsee<\/li><li>Tauche und alle OT\u00a0<\/li><li>Vogelsang<\/li><li>Wendisch-Rietz<\/li><li>Wiesenau<\/li><li>Ziltendorf<\/li><\/ul><article id=\"c1373\"><div class=\"csc-textpic csc-textpic-intext-right\"><div class=\"csc-textpic-text\">\u00a0<\/div><\/div><\/article><\/div>\n\t\t\t\t<\/div>\n\t\t\t\t\t\t\t<div class=\"elementor-toggle-item\">\n\t\t\t\t\t<div id=\"elementor-tab-title-1734\" class=\"elementor-tab-title\" data-tab=\"4\" role=\"button\" aria-controls=\"elementor-tab-content-1734\" aria-expanded=\"false\">\n\t\t\t\t\t\t\t\t\t\t\t\t<span class=\"elementor-toggle-icon elementor-toggle-icon-left\" aria-hidden=\"true\">\n\t\t\t\t\t\t\t\t\t\t\t\t\t\t\t<span class=\"elementor-toggle-icon-closed\"><i class=\"fas fa-caret-right\"><\/i><\/span>\n\t\t\t\t\t\t\t\t<span class=\"elementor-toggle-icon-opened\"><i class=\"elementor-toggle-icon-opened fas fa-caret-up\"><\/i><\/span>\n\t\t\t\t\t\t\t\t\t\t\t\t\t<\/span>\n\t\t\t\t\t\t\t\t\t\t\t\t<a class=\"elementor-toggle-title\" tabindex=\"0\">Funktionsweise des Abrufsystems<\/a>\n\t\t\t\t\t<\/div>\n\n\t\t\t\t\t<div id=\"elementor-tab-content-1734\" class=\"elementor-tab-content elementor-clearfix\" data-tab=\"4\" role=\"region\" aria-labelledby=\"elementor-tab-title-1734\"><p>Die Biotonne wird in Ihrem Ort <strong>auf Abruf<\/strong> im 14-t\u00e4glichen Rhythmus geleert.<\/p><p>Auf Ihrem Entsorgungskalender finden Sie zu den m\u00f6glichen Entsorgungsterminen ein Symbol mit einem Apfel und einemTelefonh\u00f6rer.<\/p><p>An diesen Tagen besteht die M\u00f6glichkeit, die Biotonne leeren zu lassen.<\/p><p><strong>Was m\u00fcssen Sie daf\u00fcr tun?<\/strong><\/p><p>Wenn Sie m\u00f6chten, dass Ihre Biotonne an einem der im Kalender abgebildeten Entsorgungstermine geleert werden soll, m\u00fcssen Sie sp\u00e4testens \u2026<\/p><p><strong>zwei <u>Wochen<\/u>tage (Montag &#8211; Freitag) vor der n\u00e4chsten Leerung<\/strong> Ihren Bedarf anmelden bzw. buchen.<\/p><p>z.B. Leerung f\u00fcr den <strong>13.01.<\/strong><\/p><p>Anmeldung bis zum <strong>11.01.<\/strong><\/p><p><img decoding=\"async\" class=\"alignnone size-full wp-image-8194\" src=\"https:\/\/www.kwu-entsorgung.de\/wp-content\/uploads\/2022\/04\/Biotonne_Abruf-1.png\" alt=\"\" width=\"86\" height=\"100\" \/><\/p><p><img decoding=\"async\" class=\"alignnone size-medium wp-image-8200\" src=\"https:\/\/www.kwu-entsorgung.de\/wp-content\/uploads\/2022\/04\/Kal1_neu-182x300.png\" alt=\"\" width=\"182\" height=\"300\" srcset=\"https:\/\/www.kwu-entsorgung.de\/wp-content\/uploads\/2022\/04\/Kal1_neu-182x300.png 182w, https:\/\/www.kwu-entsorgung.de\/wp-content\/uploads\/2022\/04\/Kal1_neu.png 553w\" sizes=\"(max-width: 182px) 100vw, 182px\" \/><\/p><p><strong>Folgende M\u00f6glichkeiten k\u00f6nnen Sie daf\u00fcr nutzen:<\/strong><\/p><ul><li>Buchung des Entsorgungstermins <strong>\u00fcber den indivi\u00adduellen QR-Code<\/strong> von Ihrem Entsorgungskalender,<\/li><li><strong>telefonisch<\/strong>\u00a0 03361 7743 -64, -65 <br \/>beim B\u00fcrgerservice des KWU-Entsorgung;<br \/>jedoch nur zu den Sprechzeiten,<\/li><li><strong>per E-Mail<\/strong>\u00a0 biosammlung@kwu-entsorgung.de<\/li><\/ul><p><img loading=\"lazy\" decoding=\"async\" class=\"alignnone size-medium wp-image-8196\" src=\"https:\/\/www.kwu-entsorgung.de\/wp-content\/uploads\/2022\/04\/Kal-300x287.png\" alt=\"\" width=\"300\" height=\"287\" srcset=\"https:\/\/www.kwu-entsorgung.de\/wp-content\/uploads\/2022\/04\/Kal-300x287.png 300w, https:\/\/www.kwu-entsorgung.de\/wp-content\/uploads\/2022\/04\/Kal.png 409w\" sizes=\"(max-width: 300px) 100vw, 300px\" \/><\/p><p>oder \u00fcber folgende Eingabemaske:<\/p><p>\n<div class=\"wpcf7 no-js\" id=\"wpcf7-f2408-o1\" lang=\"de-DE\" dir=\"ltr\">\n<div class=\"screen-reader-response\"><p role=\"status\" aria-live=\"polite\" aria-atomic=\"true\"><\/p> <ul><\/ul><\/div>\n<form action=\"\/index.php?rest_route=%2Fwp%2Fv2%2Fpages%2F7840#wpcf7-f2408-o1\" method=\"post\" class=\"wpcf7-form init\" aria-label=\"Kontaktformular\" novalidate=\"novalidate\" data-status=\"init\">\n<div style=\"display: none;\">\n<input type=\"hidden\" name=\"_wpcf7\" value=\"2408\" \/>\n<input type=\"hidden\" name=\"_wpcf7_version\" value=\"5.9.8\" \/>\n<input type=\"hidden\" name=\"_wpcf7_locale\" value=\"de_DE\" \/>\n<input type=\"hidden\" name=\"_wpcf7_unit_tag\" value=\"wpcf7-f2408-o1\" \/>\n<input type=\"hidden\" name=\"_wpcf7_container_post\" value=\"0\" \/>\n<input type=\"hidden\" name=\"_wpcf7_posted_data_hash\" value=\"\" \/>\n<input type=\"hidden\" name=\"_wpcf7_recaptcha_response\" value=\"\" \/>\n<\/div>\n<p>Objekt-Nr.\n<\/p>\n<p><span class=\"wpcf7-form-control-wrap\" data-name=\"Objektnummer\"><input size=\"40\" maxlength=\"400\" class=\"wpcf7-form-control wpcf7-text\" aria-invalid=\"false\" value=\"\" type=\"text\" name=\"Objektnummer\" \/><\/span>\n<\/p>\n<div class=\"form_half\">\n\t<p>Ihr Name*<br \/>\n<span class=\"wpcf7-form-control-wrap\" data-name=\"Name\"><input size=\"40\" maxlength=\"400\" class=\"wpcf7-form-control wpcf7-text wpcf7-validates-as-required\" aria-required=\"true\" aria-invalid=\"false\" value=\"\" type=\"text\" name=\"Name\" \/><\/span>\n\t<\/p>\n<\/div>\n<div class=\"form_half form_half_last\">\n\t<p>Ihr Vorname<br \/>\n<span class=\"wpcf7-form-control-wrap\" data-name=\"Vorname\"><input size=\"40\" maxlength=\"400\" class=\"wpcf7-form-control wpcf7-text\" aria-invalid=\"false\" value=\"\" type=\"text\" name=\"Vorname\" \/><\/span>\n\t<\/p>\n<\/div>\n<div class=\"form_half\">\n\t<p>Stra\u00dfe*<br \/>\n<span class=\"wpcf7-form-control-wrap\" data-name=\"Strae\"><input size=\"40\" maxlength=\"400\" class=\"wpcf7-form-control wpcf7-text wpcf7-validates-as-required\" aria-required=\"true\" aria-invalid=\"false\" value=\"\" type=\"text\" name=\"Strae\" \/><\/span>\n\t<\/p>\n<\/div>\n<div class=\"form_half form_half_last\">\n\t<p>Hausnummer*<br \/>\n<span class=\"wpcf7-form-control-wrap\" data-name=\"Hausnummer\"><input size=\"40\" maxlength=\"400\" class=\"wpcf7-form-control wpcf7-text wpcf7-validates-as-required\" aria-required=\"true\" aria-invalid=\"false\" value=\"\" type=\"text\" name=\"Hausnummer\" \/><\/span>\n\t<\/p>\n<\/div>\n<div class=\"form_half\">\n\t<p>Ort*<br \/>\n<span class=\"wpcf7-form-control-wrap\" data-name=\"Ort\"><input size=\"40\" maxlength=\"400\" class=\"wpcf7-form-control wpcf7-text wpcf7-validates-as-required\" aria-required=\"true\" aria-invalid=\"false\" value=\"\" type=\"text\" name=\"Ort\" \/><\/span>\n\t<\/p>\n<\/div>\n<div class=\"form_half form_half_last\">\n\t<p>Ortsteil<br \/>\n<span class=\"wpcf7-form-control-wrap\" data-name=\"Ortsteil\"><input size=\"40\" maxlength=\"400\" class=\"wpcf7-form-control wpcf7-text\" aria-invalid=\"false\" value=\"\" type=\"text\" name=\"Ortsteil\" \/><\/span>\n\t<\/p>\n<\/div>\n<div class=\"form_half\">\n\t<p>E-Mail*<br \/>\n<span class=\"wpcf7-form-control-wrap\" data-name=\"E-Mail\"><input size=\"40\" maxlength=\"400\" class=\"wpcf7-form-control wpcf7-email wpcf7-validates-as-required wpcf7-text wpcf7-validates-as-email\" aria-required=\"true\" aria-invalid=\"false\" value=\"\" type=\"email\" name=\"E-Mail\" \/><\/span>\n\t<\/p>\n<\/div>\n<div class=\"form_half form_half_last\">\n\t<p>telefonisch erreichbar unter<br \/>\n<span class=\"wpcf7-form-control-wrap\" data-name=\"Telefon\"><input size=\"40\" maxlength=\"400\" class=\"wpcf7-form-control wpcf7-tel wpcf7-text wpcf7-validates-as-tel\" aria-invalid=\"false\" value=\"\" type=\"tel\" name=\"Telefon\" \/><\/span>\n\t<\/p>\n<\/div>\n<p>Bitte geben Sie im unteren Feld Ihren n\u00e4chsten Abholtermin ein (mind. 2 Werktage vorher).*<br \/>\n<span class=\"wpcf7-form-control-wrap\" data-name=\"text-503\"><input size=\"40\" maxlength=\"400\" class=\"wpcf7-form-control wpcf7-text wpcf7-validates-as-required\" aria-required=\"true\" aria-invalid=\"false\" value=\"\" type=\"text\" name=\"text-503\" \/><\/span>\n<\/p>\n<p><span class=\"wpcf7-form-control-wrap\" data-name=\"Ja\"><span class=\"wpcf7-form-control wpcf7-acceptance\"><span class=\"wpcf7-list-item\"><input type=\"checkbox\" name=\"Ja\" value=\"1\" aria-invalid=\"false\" \/><\/span><\/span><\/span> Ich habe die <a href=\"https:\/\/www.kwu-entsorgung.de\/?page_id=104\">Datenschutzerkl\u00e4rung<\/a> gelesen und stimme der Speicherung meiner Daten zu*.<br \/>\n<span class=\"wpcf7-form-control-wrap\" data-name=\"JaEmail\"><span class=\"wpcf7-form-control wpcf7-acceptance\"><span class=\"wpcf7-list-item\"><input type=\"checkbox\" name=\"JaEmail\" value=\"1\" aria-invalid=\"false\" \/><\/span><\/span><\/span> Ich erkl\u00e4re mich damit einverstanden, dass mein Anliegen gegebenenfalls per E-Mail beantwortet wird*.\n<\/p>\n<p><input class=\"wpcf7-form-control wpcf7-submit has-spinner\" type=\"submit\" value=\"Absenden\" \/><br \/>\n<span class=\"wpcf7-form-control-wrap recaptcha\" data-name=\"recaptcha\"><span data-sitekey=\"6Lc4pLkfAAAAAG0i9TnFNBLiZLwsgy5lkZ_QIEAB\" class=\"wpcf7-form-control wpcf7-recaptcha g-recaptcha\"><\/span>\r\n<noscript>\r\n\t<div class=\"grecaptcha-noscript\">\r\n\t\t<iframe src=\"https:\/\/www.google.com\/recaptcha\/api\/fallback?k=6Lc4pLkfAAAAAG0i9TnFNBLiZLwsgy5lkZ_QIEAB\" frameborder=\"0\" scrolling=\"no\" width=\"310\" height=\"430\">\r\n\t\t<\/iframe>\r\n\t\t<textarea name=\"g-recaptcha-response\" rows=\"3\" cols=\"40\" placeholder=\"reCaptcha Response Here\">\r\n\t\t<\/textarea>\r\n\t<\/div>\r\n<\/noscript>\r\n<\/span>\n<\/p><p style=\"display: none !important;\" class=\"akismet-fields-container\" data-prefix=\"_wpcf7_ak_\"><label>&#916;<textarea name=\"_wpcf7_ak_hp_textarea\" cols=\"45\" rows=\"8\" maxlength=\"100\"><\/textarea><\/label><input type=\"hidden\" id=\"ak_js_1\" name=\"_wpcf7_ak_js\" value=\"175\"\/><script>document.getElementById( \"ak_js_1\" ).setAttribute( \"value\", ( new Date() ).getTime() );<\/script><\/p><div class=\"wpcf7-response-output\" aria-hidden=\"true\"><\/div>\n<\/form>\n<\/div>\n<\/p><p><a href=\"https:\/\/www.kwu-entsorgung.de\/wp-content\/uploads\/2024\/08\/Infoblatt_Abrufkunde_neue-Version.pdf\">Infoblatt &#8222;Funktionsweise des Abrufsystems&#8220; (PDF)<\/a><\/p><p><strong>Beachten Sie bitte, \u2026<\/strong><\/p><ul><li>dass die Anfahrt zu Ihrem Grundst\u00fcck mit der Anmeldung zur Leerung <strong>verbindlich wird<\/strong>!<\/li><li>dass Sie auch gleich f\u00fcr mehrere Termine die Leerung bestellen k\u00f6nnen.<\/li><li>wenn die Anmeldung nicht rechtzeitig erfolgt, ist die Leerung erst zum darauffolgenden Abruftermin m\u00f6glich.<\/li><\/ul><\/div>\n\t\t\t\t<\/div>\n\t\t\t\t\t\t\t<div class=\"elementor-toggle-item\">\n\t\t\t\t\t<div id=\"elementor-tab-title-1735\" class=\"elementor-tab-title\" data-tab=\"5\" role=\"button\" aria-controls=\"elementor-tab-content-1735\" aria-expanded=\"false\">\n\t\t\t\t\t\t\t\t\t\t\t\t<span class=\"elementor-toggle-icon elementor-toggle-icon-left\" aria-hidden=\"true\">\n\t\t\t\t\t\t\t\t\t\t\t\t\t\t\t<span class=\"elementor-toggle-icon-closed\"><i class=\"fas fa-caret-right\"><\/i><\/span>\n\t\t\t\t\t\t\t\t<span class=\"elementor-toggle-icon-opened\"><i class=\"elementor-toggle-icon-opened fas fa-caret-up\"><\/i><\/span>\n\t\t\t\t\t\t\t\t\t\t\t\t\t<\/span>\n\t\t\t\t\t\t\t\t\t\t\t\t<a class=\"elementor-toggle-title\" tabindex=\"0\">Was darf in die Biotonne?<\/a>\n\t\t\t\t\t<\/div>\n\n\t\t\t\t\t<div id=\"elementor-tab-content-1735\" class=\"elementor-tab-content elementor-clearfix\" data-tab=\"5\" role=\"region\" aria-labelledby=\"elementor-tab-title-1735\"><ul>\n<li>Obst- und Gem\u00fcsereste<\/li>\n<li>Tee- und Kaffeereste (mit Filtert\u00fcte, Pads, jedoch keine Kapseln!)<\/li>\n<li>Eierschalen, Schalen tropischer Fr\u00fcchte (Orangen, Bananen)<\/li>\n<li>K\u00fcchenpapier, Servietten<\/li>\n<li>Brotreste<\/li>\n<li>haushalts\u00fcbliche Restmengen gekochter Essensreste (bitte in Zeitungspapier oder in eine Papiert\u00fcte einwickeln)<\/li>\n<li>Knochen<\/li>\n<li>Restinhalte von Konservendosen (ohne Verpackung)<\/li>\n<li>Rasenschnitt (angetrocknet)<\/li>\n<li>Baum- und Heckenschnitt<\/li>\n<li>kranke Pflanzenteile<\/li>\n<li>Laub- und Unkraut<\/li>\n<li>S\u00e4gesp\u00e4ne (unbehandelt)<\/li>\n<li>Stroh- und Heureste, Kleintierstreu<\/li>\n<li>Blumenerde<\/li>\n<li>Topfpflanzen (ohne Topf)<\/li>\n<\/ul><\/div>\n\t\t\t\t<\/div>\n\t\t\t\t\t\t\t<div class=\"elementor-toggle-item\">\n\t\t\t\t\t<div id=\"elementor-tab-title-1736\" class=\"elementor-tab-title\" data-tab=\"6\" role=\"button\" aria-controls=\"elementor-tab-content-1736\" aria-expanded=\"false\">\n\t\t\t\t\t\t\t\t\t\t\t\t<span class=\"elementor-toggle-icon elementor-toggle-icon-left\" aria-hidden=\"true\">\n\t\t\t\t\t\t\t\t\t\t\t\t\t\t\t<span class=\"elementor-toggle-icon-closed\"><i class=\"fas fa-caret-right\"><\/i><\/span>\n\t\t\t\t\t\t\t\t<span class=\"elementor-toggle-icon-opened\"><i class=\"elementor-toggle-icon-opened fas fa-caret-up\"><\/i><\/span>\n\t\t\t\t\t\t\t\t\t\t\t\t\t<\/span>\n\t\t\t\t\t\t\t\t\t\t\t\t<a class=\"elementor-toggle-title\" tabindex=\"0\">Was darf nicht in die Biotonne?<\/a>\n\t\t\t\t\t<\/div>\n\n\t\t\t\t\t<div id=\"elementor-tab-content-1736\" class=\"elementor-tab-content elementor-clearfix\" data-tab=\"6\" role=\"region\" aria-labelledby=\"elementor-tab-title-1736\"><ul><li>Abfallbeutel aus Kunststoff<\/li><li>kompostierbare M\u00fcllbeutel<\/li><li>kompostierbare Kaffee -und Teekapseln<\/li><li>Wegwerfwindeln<\/li><li>Milch- und Saftt\u00fcten<\/li><li>Blument\u00f6pfe<\/li><li>Staubsaugerbeutel<\/li><li>Kehricht<\/li><li>Hundekot<\/li><li>Tapetenreste, Putzlappen<\/li><li>Metall, Plastik, Glas<\/li><li>Katzenstreu (Granulat)<\/li><li>Asche, Zigarettenkippen<\/li><li>sonstige Restabf\u00e4lle<\/li><li>fl\u00fcssige Abf\u00e4lle (Suppen, So\u00dfen, \u00d6le)<\/li><\/ul><\/div>\n\t\t\t\t<\/div>\n\t\t\t\t\t\t\t<div class=\"elementor-toggle-item\">\n\t\t\t\t\t<div id=\"elementor-tab-title-1737\" class=\"elementor-tab-title\" data-tab=\"7\" role=\"button\" aria-controls=\"elementor-tab-content-1737\" aria-expanded=\"false\">\n\t\t\t\t\t\t\t\t\t\t\t\t<span class=\"elementor-toggle-icon elementor-toggle-icon-left\" aria-hidden=\"true\">\n\t\t\t\t\t\t\t\t\t\t\t\t\t\t\t<span class=\"elementor-toggle-icon-closed\"><i class=\"fas fa-caret-right\"><\/i><\/span>\n\t\t\t\t\t\t\t\t<span class=\"elementor-toggle-icon-opened\"><i class=\"elementor-toggle-icon-opened fas fa-caret-up\"><\/i><\/span>\n\t\t\t\t\t\t\t\t\t\t\t\t\t<\/span>\n\t\t\t\t\t\t\t\t\t\t\t\t<a class=\"elementor-toggle-title\" tabindex=\"0\">Wieso soll ich keine \"kompostierbaren\" Biobeutel benutzen?<\/a>\n\t\t\t\t\t<\/div>\n\n\t\t\t\t\t<div id=\"elementor-tab-content-1737\" class=\"elementor-tab-content elementor-clearfix\" data-tab=\"7\" role=\"region\" aria-labelledby=\"elementor-tab-title-1737\"><p>Auch sogenannte kompostierbare Biobeutel geh\u00f6ren nicht in die Biotonne. Sie werden auf der Kompostieranlage ebenso als Plastikt\u00fcte aussortiert und zersetzen sich zudem meist erst nach mehreren Monaten, wenn der Kompostierprozess eigentlich schon abgeschlossen ist.<\/p><\/div>\n\t\t\t\t<\/div>\n\t\t\t\t\t\t\t<div class=\"elementor-toggle-item\">\n\t\t\t\t\t<div id=\"elementor-tab-title-1738\" class=\"elementor-tab-title\" data-tab=\"8\" role=\"button\" aria-controls=\"elementor-tab-content-1738\" aria-expanded=\"false\">\n\t\t\t\t\t\t\t\t\t\t\t\t<span class=\"elementor-toggle-icon elementor-toggle-icon-left\" aria-hidden=\"true\">\n\t\t\t\t\t\t\t\t\t\t\t\t\t\t\t<span class=\"elementor-toggle-icon-closed\"><i class=\"fas fa-caret-right\"><\/i><\/span>\n\t\t\t\t\t\t\t\t<span class=\"elementor-toggle-icon-opened\"><i class=\"elementor-toggle-icon-opened fas fa-caret-up\"><\/i><\/span>\n\t\t\t\t\t\t\t\t\t\t\t\t\t<\/span>\n\t\t\t\t\t\t\t\t\t\t\t\t<a class=\"elementor-toggle-title\" tabindex=\"0\">Tipps f\u00fcr den Sommer<\/a>\n\t\t\t\t\t<\/div>\n\n\t\t\t\t\t<div id=\"elementor-tab-content-1738\" class=\"elementor-tab-content elementor-clearfix\" data-tab=\"8\" role=\"region\" aria-labelledby=\"elementor-tab-title-1738\"><p>Verwenden Sie keine Plastikt\u00fcten, auch keine biologisch abbaubaren M\u00fcllbeutel. Diese T\u00fcten und Beutel verrotten zu langsam.<\/p><ul><li>anfallenden Biom\u00fcll immer in Papier einwickeln<\/li><li>die Biotonne an einen schattigen Platz stellen<\/li><li>den Deckel der Tonne stets geschlossen halten<\/li><li>keine Feuchtigkeit in die Tonne gelangen lassen, Feuchtigkeit bei Bedarf mit Papier oder S\u00e4gesp\u00e4nen aufsaugen<\/li><li>Tonne nach dem Leeren reinigen\u00a0 und trocknen lassen<\/li><li>unten in der Tonne Kartons auslegen, so kann Feuchtigkeit aufgesaugt werden<\/li><li>Tonne mit feinmaschigem Netz (z. B. alter Gardine) abdecken<\/li><\/ul><\/div>\n\t\t\t\t<\/div>\n\t\t\t\t\t\t\t<div class=\"elementor-toggle-item\">\n\t\t\t\t\t<div id=\"elementor-tab-title-1739\" class=\"elementor-tab-title\" data-tab=\"9\" role=\"button\" aria-controls=\"elementor-tab-content-1739\" aria-expanded=\"false\">\n\t\t\t\t\t\t\t\t\t\t\t\t<span class=\"elementor-toggle-icon elementor-toggle-icon-left\" aria-hidden=\"true\">\n\t\t\t\t\t\t\t\t\t\t\t\t\t\t\t<span class=\"elementor-toggle-icon-closed\"><i class=\"fas fa-caret-right\"><\/i><\/span>\n\t\t\t\t\t\t\t\t<span class=\"elementor-toggle-icon-opened\"><i class=\"elementor-toggle-icon-opened fas fa-caret-up\"><\/i><\/span>\n\t\t\t\t\t\t\t\t\t\t\t\t\t<\/span>\n\t\t\t\t\t\t\t\t\t\t\t\t<a class=\"elementor-toggle-title\" tabindex=\"0\">Tipps f\u00fcr den Winter<\/a>\n\t\t\t\t\t<\/div>\n\n\t\t\t\t\t<div id=\"elementor-tab-content-1739\" class=\"elementor-tab-content elementor-clearfix\" data-tab=\"9\" role=\"region\" aria-labelledby=\"elementor-tab-title-1739\"><ul><li>den Boden und die Seitenw\u00e4nde der Tonne dick mit Zeitungspapier oder Pappe auskleiden<\/li><li>feuchte Bioabf\u00e4lle in Papier einwickeln, keine Fl\u00fcssigkeiten einf\u00fcllen<\/li><li>bei Minusgraden vor der Entleerung den festgefrorenen Bioabfall vorsichtig beispielsweise mit einem Spaten l\u00f6sen<\/li><\/ul>\n<a href=\"https:\/\/www.kwu-entsorgung.de\/wp-content\/uploads\/2023\/11\/Tipps-zur-kalten-Jahreszeit_2023.pdf\">Tipps zur kalten Jahreszeit (PDF)<\/a><\/div>\n\t\t\t\t<\/div>\n\t\t\t\t\t\t\t\t<\/div>\n\t\t\t\t<\/div>\n\t\t\t\t<\/div>\n\t\t\t\t<div class=\"elementor-element elementor-element-ef2bb56 elementor-widget elementor-widget-image\" data-id=\"ef2bb56\" data-element_type=\"widget\" data-widget_type=\"image.default\">\n\t\t\t\t<div class=\"elementor-widget-container\">\n\t\t\t\t\t\t\t\t\t\t<figure class=\"wp-caption\">\n\t\t\t\t\t\t\t\t\t\t<img loading=\"lazy\" decoding=\"async\" width=\"640\" height=\"360\" src=\"https:\/\/www.kwu-entsorgung.de\/wp-content\/uploads\/2022\/03\/Eigenkompostierung-1024x576.jpg\" class=\"attachment-large size-large wp-image-7841\" alt=\"\" srcset=\"https:\/\/www.kwu-entsorgung.de\/wp-content\/uploads\/2022\/03\/Eigenkompostierung-1024x576.jpg 1024w, https:\/\/www.kwu-entsorgung.de\/wp-content\/uploads\/2022\/03\/Eigenkompostierung-300x169.jpg 300w, https:\/\/www.kwu-entsorgung.de\/wp-content\/uploads\/2022\/03\/Eigenkompostierung-768x432.jpg 768w, https:\/\/www.kwu-entsorgung.de\/wp-content\/uploads\/2022\/03\/Eigenkompostierung-1536x865.jpg 1536w, https:\/\/www.kwu-entsorgung.de\/wp-content\/uploads\/2022\/03\/Eigenkompostierung-2048x1153.jpg 2048w\" sizes=\"(max-width: 640px) 100vw, 640px\" \/>\t\t\t\t\t\t\t\t\t\t\t<figcaption class=\"widget-image-caption wp-caption-text\"><\/figcaption>\n\t\t\t\t\t\t\t\t\t\t<\/figure>\n\t\t\t\t\t\t\t<\/div>\n\t\t\t\t<\/div>\n\t\t\t\t\t<\/div>\n\t\t<\/div>\n\t\t\t\t\t<\/div>\n\t\t<\/section>\n\t\t\t\t<section class=\"elementor-section elementor-top-section elementor-element elementor-element-9da31c2 elementor-section-boxed elementor-section-height-default elementor-section-height-default\" data-id=\"9da31c2\" data-element_type=\"section\">\n\t\t\t\t\t\t<div class=\"elementor-container elementor-column-gap-default\">\n\t\t\t\t\t<div class=\"elementor-column elementor-col-100 elementor-top-column elementor-element elementor-element-882c2d2\" data-id=\"882c2d2\" data-element_type=\"column\">\n\t\t\t<div class=\"elementor-widget-wrap elementor-element-populated\">\n\t\t\t\t\t\t<div class=\"elementor-element elementor-element-a35889f elementor-widget elementor-widget-toggle\" data-id=\"a35889f\" data-element_type=\"widget\" data-widget_type=\"toggle.default\">\n\t\t\t\t<div class=\"elementor-widget-container\">\n\t\t\t\t\t<div class=\"elementor-toggle\">\n\t\t\t\t\t\t\t<div class=\"elementor-toggle-item\">\n\t\t\t\t\t<div id=\"elementor-tab-title-1711\" class=\"elementor-tab-title\" data-tab=\"1\" role=\"button\" aria-controls=\"elementor-tab-content-1711\" aria-expanded=\"false\">\n\t\t\t\t\t\t\t\t\t\t\t\t<span class=\"elementor-toggle-icon elementor-toggle-icon-left\" aria-hidden=\"true\">\n\t\t\t\t\t\t\t\t\t\t\t\t\t\t\t<span class=\"elementor-toggle-icon-closed\"><i class=\"fas fa-caret-right\"><\/i><\/span>\n\t\t\t\t\t\t\t\t<span class=\"elementor-toggle-icon-opened\"><i class=\"elementor-toggle-icon-opened fas fa-caret-up\"><\/i><\/span>\n\t\t\t\t\t\t\t\t\t\t\t\t\t<\/span>\n\t\t\t\t\t\t\t\t\t\t\t\t<a class=\"elementor-toggle-title\" tabindex=\"0\">Eigenkompostierung<\/a>\n\t\t\t\t\t<\/div>\n\n\t\t\t\t\t<div id=\"elementor-tab-content-1711\" class=\"elementor-tab-content elementor-clearfix\" data-tab=\"1\" role=\"region\" aria-labelledby=\"elementor-tab-title-1711\"><article id=\"c724\"><div class=\"csc-textpic csc-textpic-center csc-textpic-above\"><div class=\"csc-textpic-text\"><h6><b>Die Natur kennt keine Abf\u00e4lle<\/b><\/h6><p>Nutzen auch Sie den nat\u00fcrlichen Weg der Abfallverwertung. Geben Sie die organischen Abf\u00e4lle, welche bis zu 40 % im Hausm\u00fcll enthalten sind, dem nat\u00fcrlichen Lebenskreislauf zur\u00fcck, indem Sie Kompost selbst erzeugen und verwenden.<\/p><\/div><div>\u00a0<\/div><\/div><\/article><article id=\"c725\"><div class=\"csc-textpic-text\"><h6><b>Ihre Vorteile durch Eigenkompostierung<\/b><\/h6><ul><li>Reduzierung Ihrer Entsorgungskosten durch Verringerung der Anzahl der Leerungen des Restabfallbeh\u00e4lters bzw. der Biotonne<\/li><li>weniger Kosten f\u00fcr die Anschaffung industriell erzeugten D\u00fcngers<\/li><li>Verbesserung der Bodenqualit\u00e4t durch<br \/>&#8211; Versorgung von Pflanzen und Boden mit N\u00e4hrstoffen <br \/>&#8211; F\u00f6rderung des Bodenlebens und der Bodendurchl\u00fcftung<br \/>&#8211; Verbesserung der Wasserhaltef\u00e4higkeit <br \/>&#8211; Verminderung der N\u00e4hrstoffauswaschung und der Bodenerosion<br \/>&#8211; Optimierung des pH-Wertes (leicht alkalisch, zwischen 7 und 8)<\/li><\/ul><\/div><\/article><\/div>\n\t\t\t\t<\/div>\n\t\t\t\t\t\t\t<div class=\"elementor-toggle-item\">\n\t\t\t\t\t<div id=\"elementor-tab-title-1712\" class=\"elementor-tab-title\" data-tab=\"2\" role=\"button\" aria-controls=\"elementor-tab-content-1712\" aria-expanded=\"false\">\n\t\t\t\t\t\t\t\t\t\t\t\t<span class=\"elementor-toggle-icon elementor-toggle-icon-left\" aria-hidden=\"true\">\n\t\t\t\t\t\t\t\t\t\t\t\t\t\t\t<span class=\"elementor-toggle-icon-closed\"><i class=\"fas fa-caret-right\"><\/i><\/span>\n\t\t\t\t\t\t\t\t<span class=\"elementor-toggle-icon-opened\"><i class=\"elementor-toggle-icon-opened fas fa-caret-up\"><\/i><\/span>\n\t\t\t\t\t\t\t\t\t\t\t\t\t<\/span>\n\t\t\t\t\t\t\t\t\t\t\t\t<a class=\"elementor-toggle-title\" tabindex=\"0\">Was darf auf den Kompost?<\/a>\n\t\t\t\t\t<\/div>\n\n\t\t\t\t\t<div id=\"elementor-tab-content-1712\" class=\"elementor-tab-content elementor-clearfix\" data-tab=\"2\" role=\"region\" aria-labelledby=\"elementor-tab-title-1712\"><h6><b>Organische K\u00fcchenabf\u00e4lle<\/b><\/h6><ul><li>Gem\u00fcse- und Obstreste (gr\u00f6\u00dfere St\u00fccke zerkleinern, besonders feuchte Abf\u00e4lle in den Kompost einarbeiten)<\/li><li>Kaffeefilter, Teereste (bilden wichtige N\u00e4hrstoffe)<\/li><li>Reste von S\u00fcdfr\u00fcchten (Zitrusfr\u00fcchte nur in geringen Mengen, Zerkleinern beschleunigt das Verrotten)<\/li><li>K\u00fcchenpapier<\/li><\/ul><h6><b>Organische Gartenabf\u00e4lle<br \/><\/b><\/h6><ul><li>Baum- und Heckenschnitt, geh\u00e4ckselt (sehr n\u00e4hrstoffreich, sorgen f\u00fcr gute Bel\u00fcftung im Kompost, vorher gr\u00fcndlich zerkleinern)<\/li><li>Laubbl\u00e4tter (Vorsicht bei Laub von Eichen, Kastanien, Pappeln, Platanen und Walnuss,\u00a0 da diese Bl\u00e4tter bei der Kompostierung Gerbs\u00e4ure freisetzen, ist der Zusatz von Kalk ratsam. Damit der Kompost nicht versauert gr\u00f6\u00dfere Mengen Laub mit anderen Gr\u00fcnabf\u00e4llen vermischen.)<\/li><li>Grasschnitt (zur Vermeidung von F\u00e4ulnis am besten nur angewelkt und in einer d\u00fcnnen Schicht sowie vermischt mit Laub, Heckenschnitt oder Erde auf den Kompost geben)<\/li><li>Mist von Kleintieren (nur in kleinen Mengen, sollte gut mit anderen Kompostmaterialien vermischt werden)<\/li><\/ul><\/div>\n\t\t\t\t<\/div>\n\t\t\t\t\t\t\t<div class=\"elementor-toggle-item\">\n\t\t\t\t\t<div id=\"elementor-tab-title-1713\" class=\"elementor-tab-title\" data-tab=\"3\" role=\"button\" aria-controls=\"elementor-tab-content-1713\" aria-expanded=\"false\">\n\t\t\t\t\t\t\t\t\t\t\t\t<span class=\"elementor-toggle-icon elementor-toggle-icon-left\" aria-hidden=\"true\">\n\t\t\t\t\t\t\t\t\t\t\t\t\t\t\t<span class=\"elementor-toggle-icon-closed\"><i class=\"fas fa-caret-right\"><\/i><\/span>\n\t\t\t\t\t\t\t\t<span class=\"elementor-toggle-icon-opened\"><i class=\"elementor-toggle-icon-opened fas fa-caret-up\"><\/i><\/span>\n\t\t\t\t\t\t\t\t\t\t\t\t\t<\/span>\n\t\t\t\t\t\t\t\t\t\t\t\t<a class=\"elementor-toggle-title\" tabindex=\"0\">Was darf nicht auf den Kompost?<\/a>\n\t\t\t\t\t<\/div>\n\n\t\t\t\t\t<div id=\"elementor-tab-content-1713\" class=\"elementor-tab-content elementor-clearfix\" data-tab=\"3\" role=\"region\" aria-labelledby=\"elementor-tab-title-1713\"><h6><strong>Nicht verrottende oder giftige Stoffe, zum Beispiel:<\/strong><\/h6><ul><li>Staubsaugerbeutel, Stra\u00dfenkehricht<\/li><li>Plastikt\u00fcten, alle Kunststoffe<\/li><li>Babywindeln<\/li><li>Hygieneartikel<\/li><li>Kohlenasche (enth\u00e4lt Schwermetalle!)<\/li><li>Zigarettenasche<\/li><li>Hausm\u00fcll<\/li><li>Bauschutt<\/li><li>Illustriertenpapier<\/li><li>Glas<\/li><li>Metall<\/li><li>Milch- und Saftt\u00fcten<\/li><li>Tetrapaks<\/li><li>Batterien<\/li><li>Chemikalien<\/li><li>Katzenstreu<\/li><\/ul><h6><strong>Das geh\u00f6rt auch nicht auf den Kompost:<\/strong><\/h6><ul><li>Speisereste<\/li><li>Fleisch<\/li><li>Knochen<\/li><li>Brot und Backwaren (locken M\u00e4use, Ratten und anderes Ungeziefer an)<\/li><li>Laub und Pflanzenteile von kranken Gew\u00e4chsen (Stichwort <a href=\"https:\/\/www.kwu-entsorgung.de\/?p=4096\">Buchsbaumz\u00fcnsler<\/a>)<\/li><\/ul><\/div>\n\t\t\t\t<\/div>\n\t\t\t\t\t\t\t<div class=\"elementor-toggle-item\">\n\t\t\t\t\t<div id=\"elementor-tab-title-1714\" class=\"elementor-tab-title\" data-tab=\"4\" role=\"button\" aria-controls=\"elementor-tab-content-1714\" aria-expanded=\"false\">\n\t\t\t\t\t\t\t\t\t\t\t\t<span class=\"elementor-toggle-icon elementor-toggle-icon-left\" aria-hidden=\"true\">\n\t\t\t\t\t\t\t\t\t\t\t\t\t\t\t<span class=\"elementor-toggle-icon-closed\"><i class=\"fas fa-caret-right\"><\/i><\/span>\n\t\t\t\t\t\t\t\t<span class=\"elementor-toggle-icon-opened\"><i class=\"elementor-toggle-icon-opened fas fa-caret-up\"><\/i><\/span>\n\t\t\t\t\t\t\t\t\t\t\t\t\t<\/span>\n\t\t\t\t\t\t\t\t\t\t\t\t<a class=\"elementor-toggle-title\" tabindex=\"0\">Welcher Komposter soll es sein?<\/a>\n\t\t\t\t\t<\/div>\n\n\t\t\t\t\t<div id=\"elementor-tab-content-1714\" class=\"elementor-tab-content elementor-clearfix\" data-tab=\"4\" role=\"region\" aria-labelledby=\"elementor-tab-title-1714\"><h6><strong>Offen oder geschlossen<\/strong><\/h6><p>Es besteht die Wahl zwischen offenen Sys\u00adtemen (Miete, Draht- oder Latten-Komposter) und geschlossenen Schnell- oder Thermokompostern. Bei offenen Systemen geschieht der Was\u00adser- und Luftaustausch nat\u00fcrlich und ab\u00adh\u00e4ngig von der Witterung. Bei geschlossenen Kom\u00adpostern bleibt die w\u00e4hrend der Rotte ent\u00adstehende Hit\u00adze gut im Kom\u00adpost, was die Zersetzungs\u00ad\u00adprozesse be\u00adschleu\u00adnigt.<\/p><p>Der Name Schnell\u00adkomposter r\u00fchrt da\u00adher, da nur vier bis sechs Monate f\u00fcr den ge\u00ad\u00adsamten Pro\u00adzess ben\u00f6tigt wer\u00adden. Auch Thermokomposter arbeiten so. Bei die\u00ad\u00adsen wird der Kompost zus\u00e4tzlich w\u00e4r\u00admeisoliert und kann damit die hohe Tem\u00adperatur im Inneren relativ lange halten, wodurch sich der Prozess der Verrottung beschleunigt. Bei geschlossenen Kom\u00adpostern sollte besonders auf eine aus\u00adreichende Be\u00adl\u00fcf\u00adtung geachtet wer\u00adden.<\/p><h6><strong><span style=\"color: #008000;\">Vorteile (+)<\/span> und <span style=\"color: #ff0000;\">Nachteile (-) <span style=\"color: #000000;\">von offenen und geschlossenen Systemen<\/span><\/span><\/strong><\/h6><p><strong>Offenes System<\/strong><\/p><p><span style=\"color: #008000;\">+ leichte Besiedlung durch Regenw\u00fcrmer und andere Bodenlebewesen<\/span><br \/><span style=\"color: #008000;\">+ gute Zug\u00e4nglichkeit beim Auf- und Umsetzen<\/span><br \/><span style=\"color: #ff0000;\">&#8211; leichter Zugang f\u00fcr \u201eunerw\u00fcnschte\u201c G\u00e4ste<\/span><br \/><span style=\"color: #ff0000;\">&#8211; relativ gro\u00dfer Platzbedarf<\/span><\/p><p><strong>Geschlossenes System<\/strong><\/p><p><span style=\"color: #008000;\">+ beschleunigter Zersetzungsvorgang wegen guter W\u00e4rmeentwicklung<\/span><br \/><span style=\"color: #ff0000;\">&#8211; in die Verrottung kann nachtr\u00e4glich nicht mehr korrigierend eingegriffen werden<br \/><\/span><\/p><\/div>\n\t\t\t\t<\/div>\n\t\t\t\t\t\t\t<div class=\"elementor-toggle-item\">\n\t\t\t\t\t<div id=\"elementor-tab-title-1715\" class=\"elementor-tab-title\" data-tab=\"5\" role=\"button\" aria-controls=\"elementor-tab-content-1715\" aria-expanded=\"false\">\n\t\t\t\t\t\t\t\t\t\t\t\t<span class=\"elementor-toggle-icon elementor-toggle-icon-left\" aria-hidden=\"true\">\n\t\t\t\t\t\t\t\t\t\t\t\t\t\t\t<span class=\"elementor-toggle-icon-closed\"><i class=\"fas fa-caret-right\"><\/i><\/span>\n\t\t\t\t\t\t\t\t<span class=\"elementor-toggle-icon-opened\"><i class=\"elementor-toggle-icon-opened fas fa-caret-up\"><\/i><\/span>\n\t\t\t\t\t\t\t\t\t\t\t\t\t<\/span>\n\t\t\t\t\t\t\t\t\t\t\t\t<a class=\"elementor-toggle-title\" tabindex=\"0\">Wichtige Kompostierregeln<\/a>\n\t\t\t\t\t<\/div>\n\n\t\t\t\t\t<div id=\"elementor-tab-content-1715\" class=\"elementor-tab-content elementor-clearfix\" data-tab=\"5\" role=\"region\" aria-labelledby=\"elementor-tab-title-1715\"><ul><li>Zu kompostierendes Material niemals in eine Grube legen, weil sonst zu wenig Luft herankommt, was F\u00e4ulnis und Gestank hervorruft.<\/li><li>Den Komposter nicht direkt auf Stein oder Beton stellen. Der Kompost braucht Bodenkontakt, damit Bodenlebewesen einwandern k\u00f6nnen und N\u00e4ssestau verhindert wird (F\u00e4ulnisgefahr).<\/li><li>Vollkommene Trockenheit vermeiden, denn Kleinlebewesen brauchen Feuchtigkeit. Der Komposthaufen sollte schattig angelegt sein.<\/li><li>Den Komposthaufen nicht zu nass halten! Ansonsten fehlt Luft und es setzt F\u00e4ulnis statt Humusbildung ein.<\/li><li>Als unterste Schicht zur Sicherung der Luftzufuhr und des Wasserabflus\u00adses eine Lage aus grobem Material (Reisig, Holzh\u00e4cksel oder \u00c4hnliches) verwenden. Danach abwechselnd Gartenabf\u00e4lle und K\u00fcchenabf\u00e4lle kon\u00adti\u00adnuierlich zuf\u00fchren. Auch hier auf eine gute Durchl\u00fcftung achten, bei\u00adspielsweise Grasschnitt nur d\u00fcnn bzw. vermischt mit Laub, Hecken\u00adschnitt oder Erde aufbringen. Die richtige Mischung macht erst den Kompost.<\/li><li>Als Zusatz lehmhaltige Gartenerde, eventuell Kalk oder k\u00e4uflich erwor\u00adbene Verrottungsbeschleuniger d\u00fcnn \u00fcber die einzelnen Schichten streu\u00aden (Anwendungsempfehlungen beachten!).<\/li><li>Den fertig aufgesetzten Komposthaufen abdecken, um die W\u00e4rmeent\u00adwick\u00adlung zu f\u00f6rdern und um Feuchtigkeits- und Stickstoffverluste zu vermeiden.<\/li><li>Phlox und Holunder sind wertvolle Pflanzen am Komposthaufen, weil sie Regenw\u00fcrmer anziehen. K\u00fcrbispflanzen gedeihen am Komposthaufen be\u00adsonders gut, spenden dem Kompost Schatten und bewahren ihn vorm Austrocknen.<\/li><\/ul><\/div>\n\t\t\t\t<\/div>\n\t\t\t\t\t\t\t<div class=\"elementor-toggle-item\">\n\t\t\t\t\t<div id=\"elementor-tab-title-1716\" class=\"elementor-tab-title\" data-tab=\"6\" role=\"button\" aria-controls=\"elementor-tab-content-1716\" aria-expanded=\"false\">\n\t\t\t\t\t\t\t\t\t\t\t\t<span class=\"elementor-toggle-icon elementor-toggle-icon-left\" aria-hidden=\"true\">\n\t\t\t\t\t\t\t\t\t\t\t\t\t\t\t<span class=\"elementor-toggle-icon-closed\"><i class=\"fas fa-caret-right\"><\/i><\/span>\n\t\t\t\t\t\t\t\t<span class=\"elementor-toggle-icon-opened\"><i class=\"elementor-toggle-icon-opened fas fa-caret-up\"><\/i><\/span>\n\t\t\t\t\t\t\t\t\t\t\t\t\t<\/span>\n\t\t\t\t\t\t\t\t\t\t\t\t<a class=\"elementor-toggle-title\" tabindex=\"0\">Kressetest zur Qualit\u00e4tsbestimmung <\/a>\n\t\t\t\t\t<\/div>\n\n\t\t\t\t\t<div id=\"elementor-tab-content-1716\" class=\"elementor-tab-content elementor-clearfix\" data-tab=\"6\" role=\"region\" aria-labelledby=\"elementor-tab-title-1716\"><p>Bei der Kompostrotte entstehen in zeitlicher Abfolge unterschiedliche Kompostqualit\u00e4ten, die nicht f\u00fcr jedes Vorhaben geeignet sind. Um die Qualit\u00e4t des Kom\u00adpostes zu bestimmen, bietet sich der Kressetest an. Und so funktioniert er:<\/p><h6><strong>Erster Tag:<\/strong><\/h6><p>Ein Gef\u00e4\u00df mit Kompost f\u00fcllen. Kressesamen s\u00e4en und anfeuchten. Anschlie\u00dfend an ein helles, warmes Fenster stellen.<\/p><h6><strong>Zweiter bis dritter Tag:<\/strong><\/h6><p>Es sollte die Keimung erfolgen.<\/p><h6><strong>F\u00fcnfter bis sechster Tag:<\/strong><\/h6><p>Es sollten sich die ersten gr\u00fcnen Bl\u00e4ttchen zeigen.<\/p><h6><strong>Ab dem siebten Tag:<\/strong><\/h6><p>Werden die Bl\u00e4ttchen gelb oder fallen die S\u00e4mlinge um, ist der Kompost f\u00fcr Ansaaten und Pflanzen nicht geeignet, d. h. der Kompost ist noch nicht fertig.<\/p><p>Bleiben die Bl\u00e4ttchen weiterhin gr\u00fcn, ist der Kompost ausgereift.<\/p><p>\u00a0<\/p><p>\u00a0<br \/><img loading=\"lazy\" decoding=\"async\" class=\"aligncenter wp-image-7829 size-medium\" src=\"https:\/\/www.kwu-entsorgung.de\/wp-content\/uploads\/2022\/03\/Abfalltipp-April-2022_Kressetest-300x195.jpg\" alt=\"\" width=\"300\" height=\"195\" srcset=\"https:\/\/www.kwu-entsorgung.de\/wp-content\/uploads\/2022\/03\/Abfalltipp-April-2022_Kressetest-300x195.jpg 300w, https:\/\/www.kwu-entsorgung.de\/wp-content\/uploads\/2022\/03\/Abfalltipp-April-2022_Kressetest-1024x667.jpg 1024w, https:\/\/www.kwu-entsorgung.de\/wp-content\/uploads\/2022\/03\/Abfalltipp-April-2022_Kressetest-768x500.jpg 768w, https:\/\/www.kwu-entsorgung.de\/wp-content\/uploads\/2022\/03\/Abfalltipp-April-2022_Kressetest.jpg 1274w\" sizes=\"(max-width: 300px) 100vw, 300px\" \/><\/p><\/div>\n\t\t\t\t<\/div>\n\t\t\t\t\t\t\t<div class=\"elementor-toggle-item\">\n\t\t\t\t\t<div id=\"elementor-tab-title-1717\" class=\"elementor-tab-title\" data-tab=\"7\" role=\"button\" aria-controls=\"elementor-tab-content-1717\" aria-expanded=\"false\">\n\t\t\t\t\t\t\t\t\t\t\t\t<span class=\"elementor-toggle-icon elementor-toggle-icon-left\" aria-hidden=\"true\">\n\t\t\t\t\t\t\t\t\t\t\t\t\t\t\t<span class=\"elementor-toggle-icon-closed\"><i class=\"fas fa-caret-right\"><\/i><\/span>\n\t\t\t\t\t\t\t\t<span class=\"elementor-toggle-icon-opened\"><i class=\"elementor-toggle-icon-opened fas fa-caret-up\"><\/i><\/span>\n\t\t\t\t\t\t\t\t\t\t\t\t\t<\/span>\n\t\t\t\t\t\t\t\t\t\t\t\t<a class=\"elementor-toggle-title\" tabindex=\"0\">Kompostfibel des Umweltbundesamtes<\/a>\n\t\t\t\t\t<\/div>\n\n\t\t\t\t\t<div id=\"elementor-tab-content-1717\" class=\"elementor-tab-content elementor-clearfix\" data-tab=\"7\" role=\"region\" aria-labelledby=\"elementor-tab-title-1717\"><p>Wer noch mehr zum Thema Eigenkompostierung wissen will, dem empfehlen wir zur Lekt\u00fcre die <a href=\"https:\/\/www.umweltbundesamt.de\/publikationen\/kompostfibel\">Kompostfibel<\/a> des Umweltbundesamtes.<\/p><p><a href=\"https:\/\/www.umweltbundesamt.de\/publikationen\/kompostfibel\"><img loading=\"lazy\" decoding=\"async\" class=\"aligncenter wp-image-7829 size-medium\" src=\" https:\/\/www.kwu-entsorgung.de\/wp-content\/uploads\/2022\/03\/Kompostfibel.jpg\" alt=\"\" width=\"300\" height=\"195\" \/><\/a><\/p><p>Diese Brosch\u00fcre ist auch in der KWU-Verwaltung (Frankfurter Stra\u00dfe 81, F\u00fcrstenwalde\/Spree) zu den \u00d6ffnungszeiten erh\u00e4ltlich.<\/p><\/div>\n\t\t\t\t<\/div>\n\t\t\t\t\t\t\t\t<\/div>\n\t\t\t\t<\/div>\n\t\t\t\t<\/div>\n\t\t\t\t\t<\/div>\n\t\t<\/div>\n\t\t\t\t\t<\/div>\n\t\t<\/section>\n\t\t\t\t<\/div>\n\t\t","protected":false},"excerpt":{"rendered":"<p>Zu gut f\u00fcr die Tonne! Zu gut f\u00fcr die Tonne! In Deutschland fallen j\u00e4hrlich entlang der gesamten Lebensmittelversorgungskette rund 12 Millionen Tonnen Lebensmittelabf\u00e4lle an. Davon stammt \u00fcber die H\u00e4lfte aus den privaten Haushalten (durchschnittlich 75 kg pro Kopf im Jahr). Besonders h\u00e4ufig landen die Lebensmittel in der Tonne, die f\u00fcr eine gute Ern\u00e4hrung besonders wichtig&#8230;<\/p>\n","protected":false},"author":3,"featured_media":368,"parent":0,"menu_order":0,"comment_status":"closed","ping_status":"closed","template":"","meta":{"footnotes":""},"publishpress_future_action":{"enabled":false,"date":"2026-05-08 07:06:03","action":"change-status","newStatus":"draft","terms":[],"taxonomy":""},"_links":{"self":[{"href":"https:\/\/www.kwu-entsorgung.de\/index.php?rest_route=\/wp\/v2\/pages\/7840"}],"collection":[{"href":"https:\/\/www.kwu-entsorgung.de\/index.php?rest_route=\/wp\/v2\/pages"}],"about":[{"href":"https:\/\/www.kwu-entsorgung.de\/index.php?rest_route=\/wp\/v2\/types\/page"}],"author":[{"embeddable":true,"href":"https:\/\/www.kwu-entsorgung.de\/index.php?rest_route=\/wp\/v2\/users\/3"}],"replies":[{"embeddable":true,"href":"https:\/\/www.kwu-entsorgung.de\/index.php?rest_route=%2Fwp%2Fv2%2Fcomments&post=7840"}],"version-history":[{"count":174,"href":"https:\/\/www.kwu-entsorgung.de\/index.php?rest_route=\/wp\/v2\/pages\/7840\/revisions"}],"predecessor-version":[{"id":67129,"href":"https:\/\/www.kwu-entsorgung.de\/index.php?rest_route=\/wp\/v2\/pages\/7840\/revisions\/67129"}],"wp:featuredmedia":[{"embeddable":true,"href":"https:\/\/www.kwu-entsorgung.de\/index.php?rest_route=\/wp\/v2\/media\/368"}],"wp:attachment":[{"href":"https:\/\/www.kwu-entsorgung.de\/index.php?rest_route=%2Fwp%2Fv2%2Fmedia&parent=7840"}],"curies":[{"name":"wp","href":"https:\/\/api.w.org\/{rel}","templated":true}]}}